{"id":560601,"date":"2026-03-23T15:01:08","date_gmt":"2026-03-23T14:01:08","guid":{"rendered":"https:\/\/labellavitarealestate.com\/property\/n8004-3-bedroom-semi-detached-villas-for-sale-in-roldan\/"},"modified":"2026-09-01T21:39:04","modified_gmt":"2026-09-01T20:39:04","slug":"n8004-3-bedroom-semi-detached-villas-for-sale-in-roldan","status":"publish","type":"property","link":"https:\/\/labellavitarealestate.com\/sv\/property\/n8004-3-bedroom-semi-detached-villas-for-sale-in-roldan\/","title":{"rendered":"Nybyggda parhus med 3 sovrum till salu i Rold\u00e1n, Torre-Pacheco"},"content":{"rendered":"\n<h2 class=\"wp-block-heading\">Nybyggda parhus med 3 sovrum till salu i Rold\u00e1n, Torre-Pacheco<\/h2>\n\n<p class=\"wp-block-paragraph\">Uppt\u00e4ck dessa attraktiva <strong>nybyggda parhus i Rold\u00e1n<\/strong>, bel\u00e4get i kommunen <strong>Torre-Pacheco, Murcia<\/strong>. Dessa moderna hem, som \u00e4r designade p\u00e5 <strong>en v\u00e5ning<\/strong>, kombinerar komfort, funktionalitet och utomhusliv, vilket g\u00f6r dem till ett utm\u00e4rkt val f\u00f6r k\u00f6pare som s\u00f6ker mer utrymme i en lugn men v\u00e4lansluten milj\u00f6 p\u00e5 <strong>Costa C\u00e1lida<\/strong>.<\/p>\n\n<p class=\"wp-block-paragraph\">Dessa moderna villor erbjuder <strong>3 sovrum<\/strong> och <strong>2 badrum<\/strong>, tillsammans med ett ljust <strong>\u00f6ppet k\u00f6k och vardagsrum<\/strong>, <strong>inbyggda garderober<\/strong>, <strong>en privat tr\u00e4dg\u00e5rd<\/strong>, <strong>privat pool<\/strong>, <strong>parkeringsplats<\/strong> och ett gener\u00f6st <strong>privat solarium<\/strong>. De \u00e4r idealiska f\u00f6r att njuta av den spanska solen \u00e5ret runt, oavsett om det \u00e4r som familjehem, andra bostad eller investeringsfastighet.<\/p>\n\n<h3 class=\"wp-block-heading\">Rymlig planl\u00f6sning designad f\u00f6r medelhavsboende<\/h3>\n\n<p class=\"wp-block-paragraph\">Interi\u00f6ren har designats f\u00f6r att skapa ett bekv\u00e4mt och praktiskt hem, allt p\u00e5 en niv\u00e5. Det \u00f6ppna k\u00f6ket ansluter s\u00f6ml\u00f6st till vardagsrummet och skapar ett ljust och socialt utrymme som naturligt v\u00e4xer ut mot utomhusomr\u00e5dena.<\/p>\n\n<p class=\"wp-block-paragraph\">Varje villa inkluderar:<\/p>\n\n<ul class=\"wp-block-list\">\n<li><strong>3 sovrum<\/strong><\/li>\n\n\n\n<li><strong>2 badrum<\/strong><\/li>\n\n\n\n<li><strong>\u00d6ppet k\u00f6k<\/strong><\/li>\n\n\n\n<li>Rymligt loungeomr\u00e5de<\/li>\n\n\n\n<li><strong>Inmonterade garderober<\/strong><\/li>\n\n\n\n<li><strong>Privat solarium<\/strong><\/li>\n\n\n\n<li><strong>Privat tr\u00e4dg\u00e5rd<\/strong><\/li>\n\n\n\n<li><strong>Privat simbass\u00e4ng<\/strong><\/li>\n\n\n\n<li><strong>Privat parkeringsplats<\/strong><\/li>\n<\/ul>\n\n<p class=\"wp-block-paragraph\">Kombinationen av inomhuskomfort och utm\u00e4rkt utomhusutrymme g\u00f6r dessa villor s\u00e4rskilt attraktiva f\u00f6r familjer eller k\u00f6pare som tycker om att ta emot g\u00e4ster och tillbringa tid utomhus.<\/p>\n\n<h3 class=\"wp-block-heading\">V\u00e4l ansluten plats i Rold\u00e1n<\/h3>\n\n<p class=\"wp-block-paragraph\">Rold\u00e1n \u00e4r en traditionell spansk stad som erbjuder en mycket bekv\u00e4m vardagslivsstil, med alla n\u00f6dv\u00e4ndiga tj\u00e4nster n\u00e4ra hemmet. Inv\u00e5narna har enkel tillg\u00e5ng till:<\/p>\n\n<ul class=\"wp-block-list\">\n<li><strong>Stormarknader<\/strong><\/li>\n\n\n\n<li><strong>Restauranger och barer<\/strong><\/li>\n\n\n\n<li><strong>H\u00e4lsoklinik<\/strong><\/li>\n\n\n\n<li><strong>Apotek<\/strong><\/li>\n\n\n\n<li><strong>Polisstation<\/strong><\/li>\n\n\n\n<li><strong>Bensinstation<\/strong><\/li>\n\n\n\n<li><strong>Mekanik<\/strong><\/li>\n\n\n\n<li><strong>Tandl\u00e4kare och l\u00e4kare<\/strong><\/li>\n<\/ul>\n\n<p class=\"wp-block-paragraph\">Denna plats \u00e4r ocks\u00e5 idealisk f\u00f6r golf\u00e4lskare och strand\u00e4lskare, med flera viktiga sev\u00e4rdheter inom en kort bilresa.<\/p>\n\n<p class=\"wp-block-paragraph\"><strong>Viktiga avst\u00e5nd:<\/strong><\/p>\n\n<ul class=\"wp-block-list\">\n<li><strong>La Torre Golf<\/strong> och <strong>Las Terrazas de La Torre Golf<\/strong> \u2013 i n\u00e4rheten<\/li>\n\n\n\n<li><strong>Corvera flygplats<\/strong> \u2013 cirka 15 minuter<\/li>\n\n\n\n<li><strong>Mar Menor-str\u00e4nder<\/strong> \u2013 cirka 20 minuter med bil<\/li>\n<\/ul>\n\n<h3 class=\"wp-block-heading\">Ett utm\u00e4rkt val f\u00f6r familjer, semester eller investeringar<\/h3>\n\n<p class=\"wp-block-paragraph\">Dessa <strong>parhus med 3 sovrum i Rold\u00e1n<\/strong> erbjuder extra inomhusyta tillsammans med alla f\u00f6rdelar med modernt utomhusliv. Med <strong>privat pool<\/strong>, <strong>solarium<\/strong> och utm\u00e4rkt tillg\u00e5ng till golf, tj\u00e4nster och kusten \u00e4r de ett mycket attraktivt alternativ f\u00f6r familjer, andrabostadsk\u00f6pare och investerare som s\u00f6ker en modern fastighet i Murcia.<\/p>\n\n<h3 class=\"wp-block-heading\">Kontakta LA BELLA VITA Real Estate<\/h3>\n\n<p class=\"wp-block-paragraph\">Om du vill ha mer information om dessa <strong>nybyggda parhus 3 sovrum till salu i Rold\u00e1n, Torre-Pacheco,<\/strong> kontakta <strong>LA BELLA VITA Real Estate<\/strong>. Vi erbjuder en <strong>kostnadsfri tj\u00e4nst f\u00f6r k\u00f6pare<\/strong>, med \u00e4rliga r\u00e5d, lokal expertis och full v\u00e4gledning genom hela k\u00f6pprocessen.<\/p>\n\n<hr class=\"wp-block-separator has-alpha-channel-opacity\"\/>\n","protected":false},"excerpt":{"rendered":"<p>Nybyggda parhus med 3 sovrum till salu i Rold\u00e1n, Torre-Pacheco Uppt\u00e4ck dessa attraktiva nybyggda parhus i Rold\u00e1n, bel\u00e4get i kommunen Torre-Pacheco, Murcia. Dessa moderna hem, som \u00e4r designade p\u00e5 en v\u00e5ning, kombinerar komfort, funktionalitet och utomhusliv, vilket g\u00f6r dem till ett utm\u00e4rkt val f\u00f6r k\u00f6pare som s\u00f6ker mer utrymme i en lugn men v\u00e4lansluten milj\u00f6 [&hellip;]<\/p>\n","protected":false},"author":5,"featured_media":390139,"parent":0,"menu_order":0,"template":"","property_type":[3538,2585],"property_status":[],"property_feature":[2925,2872,2937,3250,2560,3288,2561,2557,2555,3433,2553],"property_label":[2564],"property_city":[3533,2984],"property_area":[2631],"class_list":["post-560601","property","type-property","status-publish","has-post-thumbnail","hentry","property_type-halvt-tilldelade","property_type-hus","property_feature-climalit-glas","property_feature-flygeri","property_feature-forinstallerade-luftkonditioneringskanaler","property_feature-i-ett-plan","property_feature-parkeringsplats","property_feature-privat-pool","property_feature-solarium-sv","property_feature-terrass","property_feature-tradgard","property_feature-utomhus-och-utomhus","property_feature-utomhusdusch","property_label-nyproduktion","property_city-roldan","property_city-torre-pacheco-sv","property_area-costa-calida"],"property_meta":{"_lbv_completion_sort_asc_v2":["202612"],"_lbv_completion_sort_desc_v2":["202612"],"_lbv_completion_sort_state_v2":["known"],"_alp_processed":["1788295144"],"_last_translation_edit_mode":["translation-editor"],"fave_property_price":["272500"],"fave_property_size":["85"],"fave_property_land":["158"],"fave_property_bedrooms":["3"],"fave_property_bathrooms":["2"],"fave_property_garage":["1"],"fave_property_year":["12\/2026"],"fave_property_id":["N8004"],"fave_property_map":["1"],"fave_property_images":["235534","235535","235536","235537","235538","235539","235540","235541","235542","235543","235544","235545","235546","235547","235548","235549","235550","235551","235552","235553","235554","235555","235556","235557","235558","235559","235560","235561","235562","235563"],"fave_agent_display_option":["agent_info"],"fave_agents":["9878"],"fave_energy_class":["B"],"fave_single_top_area":["global"],"fave_single_content_area":["global"],"additional_features":["a:8:{i:0;a:2:{s:29:\"fave_additional_feature_title\";s:10:\"\ud83c\udfd6 Beach\";s:29:\"fave_additional_feature_value\";s:5:\"20 km\";}i:1;a:1:{s:29:\"fave_additional_feature_title\";s:26:\"\ud83c\udf7d\ufe0f Bars & Restaurants\";}i:2;a:1:{s:29:\"fave_additional_feature_title\";s:16:\"\ud83d\uded2 Supermarket\";}i:3;a:1:{s:29:\"fave_additional_feature_title\";s:20:\"\ud83d\udecd Shopping Centre\";}i:4;a:1:{s:29:\"fave_additional_feature_title\";s:15:\"\u26f3 Golf Course\";}i:5;a:1:{s:29:\"fave_additional_feature_title\";s:12:\"\ud83c\udfeb Schools\";}i:6;a:1:{s:29:\"fave_additional_feature_title\";s:13:\"\ud83c\udfe5 Hospital\";}i:7;a:1:{s:29:\"fave_additional_feature_title\";s:14:\"\u2708\ufe0f Airport\";}}"],"redsp_ref":["N8004"],"_wp_page_template":["default"],"houzez_geolocation_lat":["37.7978451"],"houzez_geolocation_long":["-1.007168"],"_thumbnail_id":["390139"],"houzez_total_property_views":["1"],"houzez_views_by_date":["a:1:{s:10:\"09-01-2026\";i:1;}"],"houzez_recently_viewed":["2026-09-01 21:24:04"],"_elementor_page_assets":["a:0:{}"],"_elementor_global_class_usage_indexed":["1"],"_yoast_wpseo_title":["\u27a1\ufe0f Parhus med 3 sovrum i Rold\u00e1n, Torre-Pacheco \u2705"],"_yoast_wpseo_metadesc":["Ref. %%cf_fave_property_id%% | \u20ac%%cf_fave_property_price%% %%title%%, Murcia | %%cf_fave_property_size%% m\u00b2 | tomt %%cf_fave_property_land%% m\u00b2"],"fave_property_map_address":["Rold\u00e1n, Torre Pacheco, Murcia, Spain"],"fave_property_location":["37.7978451,-1.007168,14"],"fave_property_map_street_view":["hide"],"fave_property_address":["Torre Pacheco, Murcia, Spain"],"_wpml_media_has_media":["1"]},"yoast_head":"<!-- This site is optimized with the Yoast SEO plugin v28.3 - https:\/\/yoast.com\/product\/yoast-seo-wordpress\/ -->\n<title>\u27a1\ufe0f Parhus med 3 sovrum i Rold\u00e1n, Torre-Pacheco \u2705<\/title>\n<meta name=\"description\" content=\"Ref. N8004 | \u20ac272500 Nybyggda parhus med 3 sovrum till salu i Rold\u00e1n, Torre-Pacheco, Murcia | 85 m\u00b2 | tomt 158 m\u00b2\" \/>\n<meta name=\"robots\" content=\"index, follow, max-snippet:-1, max-image-preview:large, max-video-preview:-1\" \/>\n<link rel=\"canonical\" href=\"https:\/\/labellavitarealestate.com\/sv\/property\/n8004-3-bedroom-semi-detached-villas-for-sale-in-roldan\/\" \/>\n<meta property=\"og:locale\" content=\"sv_SE\" \/>\n<meta property=\"og:type\" content=\"article\" \/>\n<meta property=\"og:title\" content=\"\u27a1\ufe0f Parhus med 3 sovrum i Rold\u00e1n, Torre-Pacheco \u2705\" \/>\n<meta property=\"og:description\" content=\"Ref. N8004 | \u20ac272500 Nybyggda parhus med 3 sovrum till salu i Rold\u00e1n, Torre-Pacheco, Murcia | 85 m\u00b2 | tomt 158 m\u00b2\" \/>\n<meta property=\"og:url\" content=\"https:\/\/labellavitarealestate.com\/sv\/property\/n8004-3-bedroom-semi-detached-villas-for-sale-in-roldan\/\" \/>\n<meta property=\"og:site_name\" content=\"LA BELLA VITA Real Estate\" \/>\n<meta property=\"article:publisher\" content=\"https:\/\/www.facebook.com\/labellavitarealestate\" \/>\n<meta property=\"article:modified_time\" content=\"2026-09-01T20:39:04+00:00\" \/>\n<meta property=\"og:image\" content=\"https:\/\/labellavitarealestate.com\/wp-content\/uploads\/2026\/03\/NEW-BUILD-SEMI-DETACHED-VILLAS-IN-ROLDAN-8-1.jpg\" \/>\n\t<meta property=\"og:image:width\" content=\"1920\" \/>\n\t<meta property=\"og:image:height\" content=\"1080\" \/>\n\t<meta property=\"og:image:type\" content=\"image\/jpeg\" \/>\n<meta name=\"twitter:card\" content=\"summary_large_image\" \/>\n<meta name=\"twitter:description\" content=\"Ref. N8004 | \u20ac272500 Nybyggda parhus med 3 sovrum till salu i Rold\u00e1n, Torre-Pacheco, Murcia | 85 m\u00b2 | tomt 158 m\u00b2\" \/>\n<meta name=\"twitter:site\" content=\"@LBV_Real_Estate\" \/>\n<meta name=\"twitter:label1\" content=\"Ber\u00e4knad l\u00e4stid\" \/>\n\t<meta name=\"twitter:data1\" content=\"2 minut\" \/>\n<script type=\"application\/ld+json\" class=\"yoast-schema-graph\">{\"@context\":\"https:\\\/\\\/schema.org\",\"@graph\":[{\"@type\":[\"Article\",\"BlogPosting\"],\"@id\":\"https:\\\/\\\/labellavitarealestate.com\\\/sv\\\/property\\\/n8004-3-bedroom-semi-detached-villas-for-sale-in-roldan\\\/#article\",\"isPartOf\":{\"@id\":\"https:\\\/\\\/labellavitarealestate.com\\\/sv\\\/property\\\/n8004-3-bedroom-semi-detached-villas-for-sale-in-roldan\\\/\"},\"author\":{\"name\":\"Diana Tsybulina\",\"@id\":\"https:\\\/\\\/labellavitarealestate.com\\\/sv\\\/#\\\/schema\\\/person\\\/681224c7252cd962ee224588e6c07d18\"},\"headline\":\"Nybyggda parhus med 3 sovrum till salu i Rold\u00e1n, Torre-Pacheco\",\"datePublished\":\"2026-03-23T14:01:08+00:00\",\"dateModified\":\"2026-09-01T20:39:04+00:00\",\"mainEntityOfPage\":{\"@id\":\"https:\\\/\\\/labellavitarealestate.com\\\/sv\\\/property\\\/n8004-3-bedroom-semi-detached-villas-for-sale-in-roldan\\\/\"},\"wordCount\":458,\"publisher\":{\"@id\":\"https:\\\/\\\/labellavitarealestate.com\\\/sv\\\/#organization\"},\"image\":{\"@id\":\"https:\\\/\\\/labellavitarealestate.com\\\/sv\\\/property\\\/n8004-3-bedroom-semi-detached-villas-for-sale-in-roldan\\\/#primaryimage\"},\"thumbnailUrl\":\"https:\\\/\\\/labellavitarealestate.com\\\/wp-content\\\/uploads\\\/2026\\\/03\\\/NEW-BUILD-SEMI-DETACHED-VILLAS-IN-ROLDAN-8-1.jpg\",\"inLanguage\":\"sv-SE\"},{\"@type\":\"WebPage\",\"@id\":\"https:\\\/\\\/labellavitarealestate.com\\\/sv\\\/property\\\/n8004-3-bedroom-semi-detached-villas-for-sale-in-roldan\\\/\",\"url\":\"https:\\\/\\\/labellavitarealestate.com\\\/sv\\\/property\\\/n8004-3-bedroom-semi-detached-villas-for-sale-in-roldan\\\/\",\"name\":\"\u27a1\ufe0f Parhus med 3 sovrum i Rold\u00e1n, Torre-Pacheco \u2705\",\"isPartOf\":{\"@id\":\"https:\\\/\\\/labellavitarealestate.com\\\/sv\\\/#website\"},\"primaryImageOfPage\":{\"@id\":\"https:\\\/\\\/labellavitarealestate.com\\\/sv\\\/property\\\/n8004-3-bedroom-semi-detached-villas-for-sale-in-roldan\\\/#primaryimage\"},\"image\":{\"@id\":\"https:\\\/\\\/labellavitarealestate.com\\\/sv\\\/property\\\/n8004-3-bedroom-semi-detached-villas-for-sale-in-roldan\\\/#primaryimage\"},\"thumbnailUrl\":\"https:\\\/\\\/labellavitarealestate.com\\\/wp-content\\\/uploads\\\/2026\\\/03\\\/NEW-BUILD-SEMI-DETACHED-VILLAS-IN-ROLDAN-8-1.jpg\",\"datePublished\":\"2026-03-23T14:01:08+00:00\",\"dateModified\":\"2026-09-01T20:39:04+00:00\",\"description\":\"Ref. N8004 | \u20ac272500 Nybyggda parhus med 3 sovrum till salu i Rold\u00e1n, Torre-Pacheco, Murcia | 85 m\u00b2 | tomt 158 m\u00b2\",\"breadcrumb\":{\"@id\":\"https:\\\/\\\/labellavitarealestate.com\\\/sv\\\/property\\\/n8004-3-bedroom-semi-detached-villas-for-sale-in-roldan\\\/#breadcrumb\"},\"inLanguage\":\"sv-SE\",\"potentialAction\":[{\"@type\":\"ReadAction\",\"target\":[\"https:\\\/\\\/labellavitarealestate.com\\\/sv\\\/property\\\/n8004-3-bedroom-semi-detached-villas-for-sale-in-roldan\\\/\"]}]},{\"@type\":\"ImageObject\",\"inLanguage\":\"sv-SE\",\"@id\":\"https:\\\/\\\/labellavitarealestate.com\\\/sv\\\/property\\\/n8004-3-bedroom-semi-detached-villas-for-sale-in-roldan\\\/#primaryimage\",\"url\":\"https:\\\/\\\/labellavitarealestate.com\\\/wp-content\\\/uploads\\\/2026\\\/03\\\/NEW-BUILD-SEMI-DETACHED-VILLAS-IN-ROLDAN-8-1.jpg\",\"contentUrl\":\"https:\\\/\\\/labellavitarealestate.com\\\/wp-content\\\/uploads\\\/2026\\\/03\\\/NEW-BUILD-SEMI-DETACHED-VILLAS-IN-ROLDAN-8-1.jpg\",\"width\":1920,\"height\":1080,\"caption\":\"Flygvy \u00f6ver moderna parhus med 3 sovrum, privata pooler, parkeringsplatser och taksolarier i Rold\u00e1n.\"},{\"@type\":\"BreadcrumbList\",\"@id\":\"https:\\\/\\\/labellavitarealestate.com\\\/sv\\\/property\\\/n8004-3-bedroom-semi-detached-villas-for-sale-in-roldan\\\/#breadcrumb\",\"itemListElement\":[{\"@type\":\"ListItem\",\"position\":1,\"name\":\"Hem\",\"item\":\"https:\\\/\\\/labellavitarealestate.com\\\/sv\\\/\"},{\"@type\":\"ListItem\",\"position\":2,\"name\":\"Properties\",\"item\":\"https:\\\/\\\/labellavitarealestate.com\\\/sv\\\/property\\\/\"},{\"@type\":\"ListItem\",\"position\":3,\"name\":\"Nybyggda parhus med 3 sovrum till salu i Rold\u00e1n, Torre-Pacheco\"}]},{\"@type\":\"WebSite\",\"@id\":\"https:\\\/\\\/labellavitarealestate.com\\\/sv\\\/#website\",\"url\":\"https:\\\/\\\/labellavitarealestate.com\\\/sv\\\/\",\"name\":\"LA BELLA VITA Real Estate in Costa Blanca, Spain\",\"description\":\"Properties for sale in Costa Blanca\",\"publisher\":{\"@id\":\"https:\\\/\\\/labellavitarealestate.com\\\/sv\\\/#organization\"},\"alternateName\":\"LA BELLA VITA Real Estate\",\"potentialAction\":[{\"@type\":\"SearchAction\",\"target\":{\"@type\":\"EntryPoint\",\"urlTemplate\":\"https:\\\/\\\/labellavitarealestate.com\\\/sv\\\/?s={search_term_string}\"},\"query-input\":{\"@type\":\"PropertyValueSpecification\",\"valueRequired\":true,\"valueName\":\"search_term_string\"}}],\"inLanguage\":\"sv-SE\"},{\"@type\":\"Organization\",\"@id\":\"https:\\\/\\\/labellavitarealestate.com\\\/sv\\\/#organization\",\"name\":\"LA BELLA VITA Real Estate in Costa Blanca\",\"alternateName\":\"LA BELLA VITA\",\"url\":\"https:\\\/\\\/labellavitarealestate.com\\\/sv\\\/\",\"logo\":{\"@type\":\"ImageObject\",\"inLanguage\":\"sv-SE\",\"@id\":\"https:\\\/\\\/labellavitarealestate.com\\\/sv\\\/#\\\/schema\\\/logo\\\/image\\\/\",\"url\":\"https:\\\/\\\/labellavitarealestate.com\\\/wp-content\\\/uploads\\\/2021\\\/12\\\/la-bella-vita-logotype-gold.svg\",\"contentUrl\":\"https:\\\/\\\/labellavitarealestate.com\\\/wp-content\\\/uploads\\\/2021\\\/12\\\/la-bella-vita-logotype-gold.svg\",\"width\":366,\"height\":71,\"caption\":\"LA BELLA VITA Real Estate in Costa Blanca\"},\"image\":{\"@id\":\"https:\\\/\\\/labellavitarealestate.com\\\/sv\\\/#\\\/schema\\\/logo\\\/image\\\/\"},\"sameAs\":[\"https:\\\/\\\/www.facebook.com\\\/labellavitarealestate\",\"https:\\\/\\\/x.com\\\/LBV_Real_Estate\",\"https:\\\/\\\/www.instagram.com\\\/labellavita_real_estate\\\/\",\"https:\\\/\\\/www.linkedin.com\\\/in\\\/labellavitarealestate\\\/\",\"https:\\\/\\\/www.pinterest.es\\\/labellavitarealestate\\\/_saved\\\/\",\"https:\\\/\\\/www.youtube.com\\\/channel\\\/UCP6t8aNDgIarJyJYgFZ4XTA\"]},{\"@type\":\"Person\",\"@id\":\"https:\\\/\\\/labellavitarealestate.com\\\/sv\\\/#\\\/schema\\\/person\\\/681224c7252cd962ee224588e6c07d18\",\"name\":\"Diana Tsybulina\",\"image\":{\"@type\":\"ImageObject\",\"inLanguage\":\"sv-SE\",\"@id\":\"https:\\\/\\\/secure.gravatar.com\\\/avatar\\\/c35f95fb70cbb502f9a829ca76f96959bc5c186600769791cd3cc437921354ea?s=96&d=mm&r=g\",\"url\":\"https:\\\/\\\/secure.gravatar.com\\\/avatar\\\/c35f95fb70cbb502f9a829ca76f96959bc5c186600769791cd3cc437921354ea?s=96&d=mm&r=g\",\"contentUrl\":\"https:\\\/\\\/secure.gravatar.com\\\/avatar\\\/c35f95fb70cbb502f9a829ca76f96959bc5c186600769791cd3cc437921354ea?s=96&d=mm&r=g\",\"caption\":\"Diana Tsybulina\"},\"url\":\"https:\\\/\\\/labellavitarealestate.com\\\/sv\\\/author\\\/diana\\\/\"}]}<\/script>\n<!-- \/ Yoast SEO plugin. -->","yoast_head_json":{"title":"\u27a1\ufe0f Parhus med 3 sovrum i Rold\u00e1n, Torre-Pacheco \u2705","description":"Ref. N8004 | \u20ac272500 Nybyggda parhus med 3 sovrum till salu i Rold\u00e1n, Torre-Pacheco, Murcia | 85 m\u00b2 | tomt 158 m\u00b2","robots":{"index":"index","follow":"follow","max-snippet":"max-snippet:-1","max-image-preview":"max-image-preview:large","max-video-preview":"max-video-preview:-1"},"canonical":"https:\/\/labellavitarealestate.com\/sv\/property\/n8004-3-bedroom-semi-detached-villas-for-sale-in-roldan\/","og_locale":"sv_SE","og_type":"article","og_title":"\u27a1\ufe0f Parhus med 3 sovrum i Rold\u00e1n, Torre-Pacheco \u2705","og_description":"Ref. N8004 | \u20ac272500 Nybyggda parhus med 3 sovrum till salu i Rold\u00e1n, Torre-Pacheco, Murcia | 85 m\u00b2 | tomt 158 m\u00b2","og_url":"https:\/\/labellavitarealestate.com\/sv\/property\/n8004-3-bedroom-semi-detached-villas-for-sale-in-roldan\/","og_site_name":"LA BELLA VITA Real Estate","article_publisher":"https:\/\/www.facebook.com\/labellavitarealestate","article_modified_time":"2026-09-01T20:39:04+00:00","og_image":[{"width":1920,"height":1080,"url":"https:\/\/labellavitarealestate.com\/wp-content\/uploads\/2026\/03\/NEW-BUILD-SEMI-DETACHED-VILLAS-IN-ROLDAN-8-1.jpg","type":"image\/jpeg"}],"twitter_card":"summary_large_image","twitter_description":"Ref. N8004 | \u20ac272500 Nybyggda parhus med 3 sovrum till salu i Rold\u00e1n, Torre-Pacheco, Murcia | 85 m\u00b2 | tomt 158 m\u00b2","twitter_site":"@LBV_Real_Estate","twitter_misc":{"Ber\u00e4knad l\u00e4stid":"2 minut"},"schema":{"@context":"https:\/\/schema.org","@graph":[{"@type":["Article","BlogPosting"],"@id":"https:\/\/labellavitarealestate.com\/sv\/property\/n8004-3-bedroom-semi-detached-villas-for-sale-in-roldan\/#article","isPartOf":{"@id":"https:\/\/labellavitarealestate.com\/sv\/property\/n8004-3-bedroom-semi-detached-villas-for-sale-in-roldan\/"},"author":{"name":"Diana Tsybulina","@id":"https:\/\/labellavitarealestate.com\/sv\/#\/schema\/person\/681224c7252cd962ee224588e6c07d18"},"headline":"Nybyggda parhus med 3 sovrum till salu i Rold\u00e1n, Torre-Pacheco","datePublished":"2026-03-23T14:01:08+00:00","dateModified":"2026-09-01T20:39:04+00:00","mainEntityOfPage":{"@id":"https:\/\/labellavitarealestate.com\/sv\/property\/n8004-3-bedroom-semi-detached-villas-for-sale-in-roldan\/"},"wordCount":458,"publisher":{"@id":"https:\/\/labellavitarealestate.com\/sv\/#organization"},"image":{"@id":"https:\/\/labellavitarealestate.com\/sv\/property\/n8004-3-bedroom-semi-detached-villas-for-sale-in-roldan\/#primaryimage"},"thumbnailUrl":"https:\/\/labellavitarealestate.com\/wp-content\/uploads\/2026\/03\/NEW-BUILD-SEMI-DETACHED-VILLAS-IN-ROLDAN-8-1.jpg","inLanguage":"sv-SE"},{"@type":"WebPage","@id":"https:\/\/labellavitarealestate.com\/sv\/property\/n8004-3-bedroom-semi-detached-villas-for-sale-in-roldan\/","url":"https:\/\/labellavitarealestate.com\/sv\/property\/n8004-3-bedroom-semi-detached-villas-for-sale-in-roldan\/","name":"\u27a1\ufe0f Parhus med 3 sovrum i Rold\u00e1n, Torre-Pacheco \u2705","isPartOf":{"@id":"https:\/\/labellavitarealestate.com\/sv\/#website"},"primaryImageOfPage":{"@id":"https:\/\/labellavitarealestate.com\/sv\/property\/n8004-3-bedroom-semi-detached-villas-for-sale-in-roldan\/#primaryimage"},"image":{"@id":"https:\/\/labellavitarealestate.com\/sv\/property\/n8004-3-bedroom-semi-detached-villas-for-sale-in-roldan\/#primaryimage"},"thumbnailUrl":"https:\/\/labellavitarealestate.com\/wp-content\/uploads\/2026\/03\/NEW-BUILD-SEMI-DETACHED-VILLAS-IN-ROLDAN-8-1.jpg","datePublished":"2026-03-23T14:01:08+00:00","dateModified":"2026-09-01T20:39:04+00:00","description":"Ref. N8004 | \u20ac272500 Nybyggda parhus med 3 sovrum till salu i Rold\u00e1n, Torre-Pacheco, Murcia | 85 m\u00b2 | tomt 158 m\u00b2","breadcrumb":{"@id":"https:\/\/labellavitarealestate.com\/sv\/property\/n8004-3-bedroom-semi-detached-villas-for-sale-in-roldan\/#breadcrumb"},"inLanguage":"sv-SE","potentialAction":[{"@type":"ReadAction","target":["https:\/\/labellavitarealestate.com\/sv\/property\/n8004-3-bedroom-semi-detached-villas-for-sale-in-roldan\/"]}]},{"@type":"ImageObject","inLanguage":"sv-SE","@id":"https:\/\/labellavitarealestate.com\/sv\/property\/n8004-3-bedroom-semi-detached-villas-for-sale-in-roldan\/#primaryimage","url":"https:\/\/labellavitarealestate.com\/wp-content\/uploads\/2026\/03\/NEW-BUILD-SEMI-DETACHED-VILLAS-IN-ROLDAN-8-1.jpg","contentUrl":"https:\/\/labellavitarealestate.com\/wp-content\/uploads\/2026\/03\/NEW-BUILD-SEMI-DETACHED-VILLAS-IN-ROLDAN-8-1.jpg","width":1920,"height":1080,"caption":"Flygvy \u00f6ver moderna parhus med 3 sovrum, privata pooler, parkeringsplatser och taksolarier i Rold\u00e1n."},{"@type":"BreadcrumbList","@id":"https:\/\/labellavitarealestate.com\/sv\/property\/n8004-3-bedroom-semi-detached-villas-for-sale-in-roldan\/#breadcrumb","itemListElement":[{"@type":"ListItem","position":1,"name":"Hem","item":"https:\/\/labellavitarealestate.com\/sv\/"},{"@type":"ListItem","position":2,"name":"Properties","item":"https:\/\/labellavitarealestate.com\/sv\/property\/"},{"@type":"ListItem","position":3,"name":"Nybyggda parhus med 3 sovrum till salu i Rold\u00e1n, Torre-Pacheco"}]},{"@type":"WebSite","@id":"https:\/\/labellavitarealestate.com\/sv\/#website","url":"https:\/\/labellavitarealestate.com\/sv\/","name":"LA BELLA VITA Real Estate in Costa Blanca, Spain","description":"Properties for sale in Costa Blanca","publisher":{"@id":"https:\/\/labellavitarealestate.com\/sv\/#organization"},"alternateName":"LA BELLA VITA Real Estate","potentialAction":[{"@type":"SearchAction","target":{"@type":"EntryPoint","urlTemplate":"https:\/\/labellavitarealestate.com\/sv\/?s={search_term_string}"},"query-input":{"@type":"PropertyValueSpecification","valueRequired":true,"valueName":"search_term_string"}}],"inLanguage":"sv-SE"},{"@type":"Organization","@id":"https:\/\/labellavitarealestate.com\/sv\/#organization","name":"LA BELLA VITA Real Estate in Costa Blanca","alternateName":"LA BELLA VITA","url":"https:\/\/labellavitarealestate.com\/sv\/","logo":{"@type":"ImageObject","inLanguage":"sv-SE","@id":"https:\/\/labellavitarealestate.com\/sv\/#\/schema\/logo\/image\/","url":"https:\/\/labellavitarealestate.com\/wp-content\/uploads\/2021\/12\/la-bella-vita-logotype-gold.svg","contentUrl":"https:\/\/labellavitarealestate.com\/wp-content\/uploads\/2021\/12\/la-bella-vita-logotype-gold.svg","width":366,"height":71,"caption":"LA BELLA VITA Real Estate in Costa Blanca"},"image":{"@id":"https:\/\/labellavitarealestate.com\/sv\/#\/schema\/logo\/image\/"},"sameAs":["https:\/\/www.facebook.com\/labellavitarealestate","https:\/\/x.com\/LBV_Real_Estate","https:\/\/www.instagram.com\/labellavita_real_estate\/","https:\/\/www.linkedin.com\/in\/labellavitarealestate\/","https:\/\/www.pinterest.es\/labellavitarealestate\/_saved\/","https:\/\/www.youtube.com\/channel\/UCP6t8aNDgIarJyJYgFZ4XTA"]},{"@type":"Person","@id":"https:\/\/labellavitarealestate.com\/sv\/#\/schema\/person\/681224c7252cd962ee224588e6c07d18","name":"Diana Tsybulina","image":{"@type":"ImageObject","inLanguage":"sv-SE","@id":"https:\/\/secure.gravatar.com\/avatar\/c35f95fb70cbb502f9a829ca76f96959bc5c186600769791cd3cc437921354ea?s=96&d=mm&r=g","url":"https:\/\/secure.gravatar.com\/avatar\/c35f95fb70cbb502f9a829ca76f96959bc5c186600769791cd3cc437921354ea?s=96&d=mm&r=g","contentUrl":"https:\/\/secure.gravatar.com\/avatar\/c35f95fb70cbb502f9a829ca76f96959bc5c186600769791cd3cc437921354ea?s=96&d=mm&r=g","caption":"Diana Tsybulina"},"url":"https:\/\/labellavitarealestate.com\/sv\/author\/diana\/"}]}},"_links":{"self":[{"href":"https:\/\/labellavitarealestate.com\/sv\/wp-json\/wp\/v2\/properties\/560601","targetHints":{"allow":["GET"]}}],"collection":[{"href":"https:\/\/labellavitarealestate.com\/sv\/wp-json\/wp\/v2\/properties"}],"about":[{"href":"https:\/\/labellavitarealestate.com\/sv\/wp-json\/wp\/v2\/types\/property"}],"author":[{"embeddable":true,"href":"https:\/\/labellavitarealestate.com\/sv\/wp-json\/wp\/v2\/users\/5"}],"version-history":[{"count":7,"href":"https:\/\/labellavitarealestate.com\/sv\/wp-json\/wp\/v2\/properties\/560601\/revisions"}],"predecessor-version":[{"id":560882,"href":"https:\/\/labellavitarealestate.com\/sv\/wp-json\/wp\/v2\/properties\/560601\/revisions\/560882"}],"wp:featuredmedia":[{"embeddable":true,"href":"https:\/\/labellavitarealestate.com\/sv\/wp-json\/wp\/v2\/media\/390139"}],"wp:attachment":[{"href":"https:\/\/labellavitarealestate.com\/sv\/wp-json\/wp\/v2\/media?parent=560601"}],"wp:term":[{"taxonomy":"property_type","embeddable":true,"href":"https:\/\/labellavitarealestate.com\/sv\/wp-json\/wp\/v2\/property_type?post=560601"},{"taxonomy":"property_status","embeddable":true,"href":"https:\/\/labellavitarealestate.com\/sv\/wp-json\/wp\/v2\/property_status?post=560601"},{"taxonomy":"property_feature","embeddable":true,"href":"https:\/\/labellavitarealestate.com\/sv\/wp-json\/wp\/v2\/property_feature?post=560601"},{"taxonomy":"property_label","embeddable":true,"href":"https:\/\/labellavitarealestate.com\/sv\/wp-json\/wp\/v2\/property_label?post=560601"},{"taxonomy":"property_city","embeddable":true,"href":"https:\/\/labellavitarealestate.com\/sv\/wp-json\/wp\/v2\/property_city?post=560601"},{"taxonomy":"property_area","embeddable":true,"href":"https:\/\/labellavitarealestate.com\/sv\/wp-json\/wp\/v2\/property_area?post=560601"}],"curies":[{"name":"wp","href":"https:\/\/api.w.org\/{rel}","templated":true}]}}