{"id":560637,"date":"2026-02-24T09:14:45","date_gmt":"2026-02-24T08:14:45","guid":{"rendered":"https:\/\/labellavitarealestate.com\/property\/n8518-new-build-mediterranean-villas-for-sale-in-torre-pacheco\/"},"modified":"2026-09-01T21:39:13","modified_gmt":"2026-09-01T20:39:13","slug":"n8518-new-build-mediterranean-villas-for-sale-in-torre-pacheco","status":"publish","type":"property","link":"https:\/\/labellavitarealestate.com\/sv\/property\/n8518-new-build-mediterranean-villas-for-sale-in-torre-pacheco\/","title":{"rendered":"Nybyggda villor i medelhavsstil till salu i Torre-Pacheco, Murcia"},"content":{"rendered":"\n<h2 class=\"wp-block-heading\">Nybyggda villor i medelhavsstil till salu i Torre-Pacheco, Murcia<\/h2>\n\n<p class=\"wp-block-paragraph\">Uppt\u00e4ck dessa stilfulla <strong>nybyggda villor i Torre-Pacheco, Murcia,<\/strong> designade f\u00f6r att erbjuda den perfekta balansen mellan <strong>modern komfort<\/strong>, <strong>medelhavsboende<\/strong> och vardagspraktisk funktionalitet. Dessa eleganta frist\u00e5ende hus \u00e4r idealiska f\u00f6r k\u00f6pare som s\u00f6ker en <strong>permanent bostad i Spanien<\/strong>, ett soligt <strong>semesterhus<\/strong> eller en smart investering i ett av Costa <strong>C\u00e1lida<\/strong>:s mest v\u00e4lanslutna omr\u00e5den.<\/p>\n\n<p class=\"wp-block-paragraph\">Med sin attraktiva <strong>enplansdesign<\/strong>, ljusa interi\u00f6rer och noggrant utvalda ytbehandlingar \u00e4r dessa villor skapade f\u00f6r enkelt boende och maximal njutning av utomhuslivet. Varje fastighet erbjuder antingen <strong>2 eller 3 sovrum<\/strong> och <strong>2 badrum<\/strong>, vilket g\u00f6r dem l\u00e4mpliga f\u00f6r olika k\u00f6parprofiler, fr\u00e5n par och pension\u00e4rer till familjer och investerare.<\/p>\n\n<h3 class=\"wp-block-heading\">Ljusa interi\u00f6rer och funktionell \u00f6ppen planl\u00f6sning<\/h3>\n\n<p class=\"wp-block-paragraph\">Villorna \u00e4r designade i en fr\u00e4sch <strong>medelhavsinspirerad modern stil<\/strong>, med ett <strong>\u00f6ppet k\u00f6k<\/strong> som naturligt flyter in i det rymliga vardags- och matsalsomr\u00e5det. Detta skapar ett ljust och v\u00e4lkomnande hj\u00e4rta i hemmet, perfekt f\u00f6r att koppla av, underh\u00e5lla och njuta av vardagen i bekv\u00e4mlighet.<\/p>\n\n<p class=\"wp-block-paragraph\">Varje villa inkluderar:<\/p>\n\n<ul class=\"wp-block-list\">\n<li><strong>2 eller 3 sovrum<\/strong><\/li>\n\n\n\n<li><strong>2 moderna badrum<\/strong><\/li>\n\n\n\n<li><strong>\u00d6ppet k\u00f6k<\/strong><\/li>\n\n\n\n<li>Rymligt <strong>vardagsrum och matsal<\/strong><\/li>\n\n\n\n<li><strong>Privat simbass\u00e4ng<\/strong><\/li>\n\n\n\n<li><strong>Privat solarium<\/strong><\/li>\n\n\n\n<li><strong>Sommark\u00f6k<\/strong><\/li>\n<\/ul>\n\n<p class=\"wp-block-paragraph\">Planl\u00f6sningen \u00e4r praktisk, stilren och l\u00e4tt att underh\u00e5lla, medan de gener\u00f6sa utomhusytorna g\u00f6r att du kan njuta av solskenet \u00e5ret runt.<\/p>\n\n<h3 class=\"wp-block-heading\">Kvalitetsfunktioner ing\u00e5r<\/h3>\n\n<p class=\"wp-block-paragraph\">Dessa <strong>nybyggda villor i Torre-Pacheco<\/strong> har redan ett utm\u00e4rkt utbud av funktioner, vilket tillf\u00f6r b\u00e5de komfort och v\u00e4rde.<\/p>\n\n<p class=\"wp-block-paragraph\">Inkluderade funktioner:<\/p>\n\n<ul class=\"wp-block-list\">\n<li><strong>Privat pool<\/strong> med:\n<ul class=\"wp-block-list\">\n<li>Utomhusdusch<\/li>\n\n\n\n<li>Filtreringssystem<\/li>\n\n\n\n<li><strong>LED-belysning<\/strong><\/li>\n<\/ul>\n<\/li>\n\n\n\n<li><strong>Privat solarium med sommark\u00f6k<\/strong>\n<ul class=\"wp-block-list\">\n<li>S\u00e4nka inkluderad<\/li>\n\n\n\n<li>F\u00f6rinstallation f\u00f6r <strong>tv\u00e4ttmaskin<\/strong><\/li>\n\n\n\n<li>F\u00f6rinstallation f\u00f6r <strong>minikylsk\u00e5p<\/strong><\/li>\n\n\n\n<li>Tillg\u00e5ng via yttre trappa<\/li>\n<\/ul>\n<\/li>\n\n\n\n<li><strong>Balay k\u00f6ksapparater, inklusive<\/strong>:\n<ul class=\"wp-block-list\">\n<li>Keramisk spis<\/li>\n\n\n\n<li>Ugn<\/li>\n\n\n\n<li>Kolonnmikrov\u00e5g<\/li>\n\n\n\n<li>Kylsk\u00e5p<\/li>\n\n\n\n<li>Utsugningshuva<\/li>\n\n\n\n<li><strong>Integrerad diskmaskin<\/strong><\/li>\n<\/ul>\n<\/li>\n\n\n\n<li>Badrum med <strong>premium porslinshygien<\/strong><\/li>\n\n\n\n<li><strong>Fullt utrustade garderober<\/strong> med vita lackerade d\u00f6rrar<\/li>\n\n\n\n<li><strong>Interi\u00f6r- och exteri\u00f6r LED-belysning<\/strong><\/li>\n<\/ul>\n\n<p class=\"wp-block-paragraph\">Dessa detaljer g\u00f6r hemmen s\u00e4rskilt attraktiva f\u00f6r internationella k\u00f6pare som s\u00f6ker en f\u00e4rdig villa med moderna specifikationer och en ren, elegant stil.<\/p>\n\n<h3 class=\"wp-block-heading\">Utm\u00e4rkt l\u00e4ge i Torre-Pacheco<\/h3>\n\n<p class=\"wp-block-paragraph\">En av de stora f\u00f6rdelarna med detta projekt \u00e4r dess l\u00e4ge i <strong>Torre-Pacheco<\/strong>, en v\u00e4letablerad murciansk stad med alla viktiga tj\u00e4nster n\u00e4ra till hands. Stormarknader, banker, barer, restauranger och dagliga bekv\u00e4mligheter finns alla i n\u00e4rheten, vilket g\u00f6r att du kan njuta av en avslappnad livsstil utan att offra bekv\u00e4mligheten.<\/p>\n\n<p class=\"wp-block-paragraph\">Torre-Pacheco \u00e4r ocks\u00e5 v\u00e4lk\u00e4nt f\u00f6r sina utm\u00e4rkta f\u00f6rbindelser till kusten, golfresorter och st\u00f6rre st\u00e4der i regionen. Det \u00e4r ett s\u00e4rskilt attraktivt omr\u00e5de f\u00f6r k\u00f6pare som vill bo n\u00e4ra <strong>Mar Menor<\/strong>, njuta av solskenet och ha enkel tillg\u00e5ng till flygplatser och fritidsanl\u00e4ggningar.<\/p>\n\n<p class=\"wp-block-paragraph\"><strong>Viktiga avst\u00e5nd:<\/strong><\/p>\n\n<ul class=\"wp-block-list\">\n<li><strong>Str\u00e4nder vid Mar Menor<\/strong> \u2013 ca 12 km<\/li>\n\n\n\n<li><strong>Murcia internationella flygplats<\/strong> \u2013 cirka 18 km<\/li>\n\n\n\n<li><strong>Cartagena<\/strong> \u2013 cirka 26 km<\/li>\n\n\n\n<li><strong>Murcia stad<\/strong> \u2013 cirka 37 km<\/li>\n\n\n\n<li>Flera v\u00e4lk\u00e4nda <strong>golfbanor<\/strong> \u2013 bara en kort bilresa bort<\/li>\n<\/ul>\n\n<h3 class=\"wp-block-heading\">Idealiskt f\u00f6r boende, semester eller investering<\/h3>\n\n<p class=\"wp-block-paragraph\">Dessa villor \u00e4r ett utm\u00e4rkt val f\u00f6r k\u00f6pare som s\u00f6ker ett modernt hem i en h\u00e4lsosam medelhavsmilj\u00f6. Murcia-regionen \u00e4r k\u00e4nd f\u00f6r sitt utm\u00e4rkta klimat, utomhuslivsstil och avslappnade livsrytm, vilket g\u00f6r den mycket attraktiv f\u00f6r b\u00e5de nationella och internationella k\u00f6pare.<\/p>\n\n<p class=\"wp-block-paragraph\">Dessa hem \u00e4r s\u00e4rskilt l\u00e4mpliga som:<\/p>\n\n<ul class=\"wp-block-list\">\n<li><strong>Permanenta hem i solen<\/strong><\/li>\n\n\n\n<li><strong>Semestervillor n\u00e4ra Mar Menor<\/strong><\/li>\n\n\n\n<li><strong>Egendomar med l\u00e5g underh\u00e5llsfrihet och utl\u00e4mning<\/strong><\/li>\n\n\n\n<li><strong>Investeringsfastigheter i Murcia<\/strong><\/li>\n<\/ul>\n\n<p class=\"wp-block-paragraph\">Med sin <strong>privata pool<\/strong>, <strong>solarium<\/strong>, kvalitetsfinish och bekv\u00e4ma l\u00e4ge erbjuder de en utm\u00e4rkt m\u00f6jlighet att njuta av det allra b\u00e4sta av <strong>Costa C\u00e1lidas<\/strong> livsstil.<\/p>\n\n<h3 class=\"wp-block-heading\">Kontakta LA BELLA VITA Real Estate<\/h3>\n\n<p class=\"wp-block-paragraph\">Om du vill ha mer information om dessa <strong>nybyggda villor till salu i Torre-Pacheco, Murcia,<\/strong> kontakta <strong>LA BELLA VITA Real Estate<\/strong>. Vi erbjuder en <strong>kostnadsfri tj\u00e4nst f\u00f6r k\u00f6pare<\/strong>, med \u00e4rliga r\u00e5d, lokal expertis och full v\u00e4gledning genom hela k\u00f6pprocessen. L\u00e5t oss hj\u00e4lpa dig att hitta r\u00e4tt fastighet i solen p\u00e5 <strong>Costa C\u00e1lida<\/strong>.<\/p>\n\n<hr class=\"wp-block-separator has-alpha-channel-opacity\"\/>\n","protected":false},"excerpt":{"rendered":"<p>Nybyggda villor i medelhavsstil till salu i Torre-Pacheco, Murcia Uppt\u00e4ck dessa stilfulla nybyggda villor i Torre-Pacheco, Murcia, designade f\u00f6r att erbjuda den perfekta balansen mellan modern komfort, medelhavsboende och vardagspraktisk funktionalitet. Dessa eleganta frist\u00e5ende hus \u00e4r idealiska f\u00f6r k\u00f6pare som s\u00f6ker en permanent bostad i Spanien, ett soligt semesterhus eller en smart investering i ett [&hellip;]<\/p>\n","protected":false},"author":5,"featured_media":220724,"parent":0,"menu_order":0,"template":"","property_type":[2585,2584],"property_status":[],"property_feature":[2550,2925,2832,2872,2937,3250,2825,2560,3288,2561,2557,2555,3433,2553],"property_label":[2564],"property_city":[2984],"property_area":[2631],"class_list":["post-560637","property","type-property","status-publish","has-post-thumbnail","hentry","property_type-hus","property_type-villas-sv","property_feature-barbeque-sv","property_feature-climalit-glas","property_feature-elektriska-fonsterluckor","property_feature-flygeri","property_feature-forinstallerade-luftkonditioneringskanaler","property_feature-i-ett-plan","property_feature-moblerat-kok","property_feature-parkeringsplats","property_feature-privat-pool","property_feature-solarium-sv","property_feature-terrass","property_feature-tradgard","property_feature-utomhus-och-utomhus","property_feature-utomhusdusch","property_label-nyproduktion","property_city-torre-pacheco-sv","property_area-costa-calida"],"property_meta":{"_lbv_completion_sort_asc_v2":["202609"],"_lbv_completion_sort_desc_v2":["202609"],"_lbv_completion_sort_state_v2":["known"],"_alp_processed":["1788295153"],"_last_translation_edit_mode":["translation-editor"],"fave_property_price":["324900"],"fave_property_size":["90"],"fave_property_land":["198"],"fave_property_bedrooms":["3"],"fave_property_bathrooms":["2"],"fave_property_garage":["1"],"fave_property_year":["9\/2026"],"fave_property_id":["N8518"],"fave_property_map":["1"],"fave_property_images":["220715","220725","220735","220736","220737","220738","220739","220740","220741","220742"],"fave_agent_display_option":["agent_info"],"fave_agents":["156"],"fave_energy_class":["B"],"fave_single_top_area":["global"],"fave_single_content_area":["global"],"additional_features":["a:8:{i:0;a:2:{s:29:\"fave_additional_feature_title\";s:10:\"\ud83c\udfd6 Beach\";s:29:\"fave_additional_feature_value\";s:5:\"10 km\";}i:1;a:1:{s:29:\"fave_additional_feature_title\";s:26:\"\ud83c\udf7d\ufe0f Bars & Restaurants\";}i:2;a:1:{s:29:\"fave_additional_feature_title\";s:16:\"\ud83d\uded2 Supermarket\";}i:3;a:1:{s:29:\"fave_additional_feature_title\";s:20:\"\ud83d\udecd Shopping Centre\";}i:4;a:1:{s:29:\"fave_additional_feature_title\";s:15:\"\u26f3 Golf Course\";}i:5;a:1:{s:29:\"fave_additional_feature_title\";s:12:\"\ud83c\udfeb Schools\";}i:6;a:1:{s:29:\"fave_additional_feature_title\";s:13:\"\ud83c\udfe5 Hospital\";}i:7;a:1:{s:29:\"fave_additional_feature_title\";s:14:\"\u2708\ufe0f Airport\";}}"],"redsp_ref":["N8518"],"_wp_page_template":["default"],"houzez_geolocation_lat":["37.7442835"],"houzez_geolocation_long":["-0.9536855"],"_thumbnail_id":["220724"],"houzez_total_property_views":["2"],"houzez_views_by_date":["a:1:{s:10:\"09-01-2026\";i:2;}"],"houzez_recently_viewed":["2026-09-01 23:07:31"],"_elementor_page_assets":["a:0:{}"],"_elementor_global_class_usage_indexed":["1"],"_yoast_wpseo_title":["\u27a1\ufe0f Nybyggda villor i medelhavsstil i Torre-Pacheco, Murcia \u2705"],"fave_property_map_address":["Torre Pacheco, Murcia, Spain"],"fave_property_location":["37.7442835,-0.9536855,14"],"fave_property_map_street_view":["hide"],"fave_property_address":["Torre Pacheco, Murcia, Spain"],"_wpml_media_has_media":["1"]},"yoast_head":"<!-- This site is optimized with the Yoast SEO plugin v28.3 - https:\/\/yoast.com\/product\/yoast-seo-wordpress\/ -->\n<title>\u27a1\ufe0f Nybyggda villor i medelhavsstil i Torre-Pacheco, Murcia \u2705<\/title>\n<meta name=\"description\" content=\"Ref. N8518 | \u20ac324900 Nybyggda villor i medelhavsstil till salu i Torre-Pacheco, Murcia | 90 m\u00b2 | 198 m\u00b2 plot | 3 bedrooms\" \/>\n<meta name=\"robots\" content=\"index, follow, max-snippet:-1, max-image-preview:large, max-video-preview:-1\" \/>\n<link rel=\"canonical\" href=\"https:\/\/labellavitarealestate.com\/sv\/property\/n8518-new-build-mediterranean-villas-for-sale-in-torre-pacheco\/\" \/>\n<meta property=\"og:locale\" content=\"sv_SE\" \/>\n<meta property=\"og:type\" content=\"article\" \/>\n<meta property=\"og:title\" content=\"\u27a1\ufe0f Nybyggda villor i medelhavsstil i Torre-Pacheco, Murcia \u2705\" \/>\n<meta property=\"og:description\" content=\"Ref. N8518 | \u20ac324900 Nybyggda villor i medelhavsstil till salu i Torre-Pacheco, Murcia | 90 m\u00b2 | 198 m\u00b2 plot | 3 bedrooms\" \/>\n<meta property=\"og:url\" content=\"https:\/\/labellavitarealestate.com\/sv\/property\/n8518-new-build-mediterranean-villas-for-sale-in-torre-pacheco\/\" \/>\n<meta property=\"og:site_name\" content=\"LA BELLA VITA Real Estate\" \/>\n<meta property=\"article:publisher\" content=\"https:\/\/www.facebook.com\/labellavitarealestate\" \/>\n<meta property=\"article:modified_time\" content=\"2026-09-01T20:39:13+00:00\" \/>\n<meta property=\"og:image\" content=\"https:\/\/labellavitarealestate.com\/wp-content\/uploads\/2026\/02\/Modern-New-Build-Villas-in-Torre-Pacheco-Murcia.jpg\" \/>\n\t<meta property=\"og:image:width\" content=\"1920\" \/>\n\t<meta property=\"og:image:height\" content=\"1052\" \/>\n\t<meta property=\"og:image:type\" content=\"image\/jpeg\" \/>\n<meta name=\"twitter:card\" content=\"summary_large_image\" \/>\n<meta name=\"twitter:site\" content=\"@LBV_Real_Estate\" \/>\n<meta name=\"twitter:label1\" content=\"Ber\u00e4knad l\u00e4stid\" \/>\n\t<meta name=\"twitter:data1\" content=\"3 minut\" \/>\n<script type=\"application\/ld+json\" class=\"yoast-schema-graph\">{\"@context\":\"https:\\\/\\\/schema.org\",\"@graph\":[{\"@type\":[\"Article\",\"BlogPosting\"],\"@id\":\"https:\\\/\\\/labellavitarealestate.com\\\/sv\\\/property\\\/n8518-new-build-mediterranean-villas-for-sale-in-torre-pacheco\\\/#article\",\"isPartOf\":{\"@id\":\"https:\\\/\\\/labellavitarealestate.com\\\/sv\\\/property\\\/n8518-new-build-mediterranean-villas-for-sale-in-torre-pacheco\\\/\"},\"author\":{\"name\":\"Diana Tsybulina\",\"@id\":\"https:\\\/\\\/labellavitarealestate.com\\\/sv\\\/#\\\/schema\\\/person\\\/681224c7252cd962ee224588e6c07d18\"},\"headline\":\"Nybyggda villor i medelhavsstil till salu i Torre-Pacheco, Murcia\",\"datePublished\":\"2026-02-24T08:14:45+00:00\",\"dateModified\":\"2026-09-01T20:39:13+00:00\",\"mainEntityOfPage\":{\"@id\":\"https:\\\/\\\/labellavitarealestate.com\\\/sv\\\/property\\\/n8518-new-build-mediterranean-villas-for-sale-in-torre-pacheco\\\/\"},\"wordCount\":694,\"publisher\":{\"@id\":\"https:\\\/\\\/labellavitarealestate.com\\\/sv\\\/#organization\"},\"image\":{\"@id\":\"https:\\\/\\\/labellavitarealestate.com\\\/sv\\\/property\\\/n8518-new-build-mediterranean-villas-for-sale-in-torre-pacheco\\\/#primaryimage\"},\"thumbnailUrl\":\"https:\\\/\\\/labellavitarealestate.com\\\/wp-content\\\/uploads\\\/2026\\\/02\\\/Modern-New-Build-Villas-in-Torre-Pacheco-Murcia.jpg\",\"inLanguage\":\"sv-SE\"},{\"@type\":\"WebPage\",\"@id\":\"https:\\\/\\\/labellavitarealestate.com\\\/sv\\\/property\\\/n8518-new-build-mediterranean-villas-for-sale-in-torre-pacheco\\\/\",\"url\":\"https:\\\/\\\/labellavitarealestate.com\\\/sv\\\/property\\\/n8518-new-build-mediterranean-villas-for-sale-in-torre-pacheco\\\/\",\"name\":\"\u27a1\ufe0f Nybyggda villor i medelhavsstil i Torre-Pacheco, Murcia \u2705\",\"isPartOf\":{\"@id\":\"https:\\\/\\\/labellavitarealestate.com\\\/sv\\\/#website\"},\"primaryImageOfPage\":{\"@id\":\"https:\\\/\\\/labellavitarealestate.com\\\/sv\\\/property\\\/n8518-new-build-mediterranean-villas-for-sale-in-torre-pacheco\\\/#primaryimage\"},\"image\":{\"@id\":\"https:\\\/\\\/labellavitarealestate.com\\\/sv\\\/property\\\/n8518-new-build-mediterranean-villas-for-sale-in-torre-pacheco\\\/#primaryimage\"},\"thumbnailUrl\":\"https:\\\/\\\/labellavitarealestate.com\\\/wp-content\\\/uploads\\\/2026\\\/02\\\/Modern-New-Build-Villas-in-Torre-Pacheco-Murcia.jpg\",\"datePublished\":\"2026-02-24T08:14:45+00:00\",\"dateModified\":\"2026-09-01T20:39:13+00:00\",\"description\":\"Ref. N8518 | \u20ac324900 Nybyggda villor i medelhavsstil till salu i Torre-Pacheco, Murcia | 90 m\u00b2 | 198 m\u00b2 plot | 3 bedrooms\",\"breadcrumb\":{\"@id\":\"https:\\\/\\\/labellavitarealestate.com\\\/sv\\\/property\\\/n8518-new-build-mediterranean-villas-for-sale-in-torre-pacheco\\\/#breadcrumb\"},\"inLanguage\":\"sv-SE\",\"potentialAction\":[{\"@type\":\"ReadAction\",\"target\":[\"https:\\\/\\\/labellavitarealestate.com\\\/sv\\\/property\\\/n8518-new-build-mediterranean-villas-for-sale-in-torre-pacheco\\\/\"]}]},{\"@type\":\"ImageObject\",\"inLanguage\":\"sv-SE\",\"@id\":\"https:\\\/\\\/labellavitarealestate.com\\\/sv\\\/property\\\/n8518-new-build-mediterranean-villas-for-sale-in-torre-pacheco\\\/#primaryimage\",\"url\":\"https:\\\/\\\/labellavitarealestate.com\\\/wp-content\\\/uploads\\\/2026\\\/02\\\/Modern-New-Build-Villas-in-Torre-Pacheco-Murcia.jpg\",\"contentUrl\":\"https:\\\/\\\/labellavitarealestate.com\\\/wp-content\\\/uploads\\\/2026\\\/02\\\/Modern-New-Build-Villas-in-Torre-Pacheco-Murcia.jpg\",\"width\":1920,\"height\":1052,\"caption\":\"Moderna nybyggda villor i Torre-Pacheco\"},{\"@type\":\"BreadcrumbList\",\"@id\":\"https:\\\/\\\/labellavitarealestate.com\\\/sv\\\/property\\\/n8518-new-build-mediterranean-villas-for-sale-in-torre-pacheco\\\/#breadcrumb\",\"itemListElement\":[{\"@type\":\"ListItem\",\"position\":1,\"name\":\"Hem\",\"item\":\"https:\\\/\\\/labellavitarealestate.com\\\/sv\\\/\"},{\"@type\":\"ListItem\",\"position\":2,\"name\":\"Properties\",\"item\":\"https:\\\/\\\/labellavitarealestate.com\\\/sv\\\/property\\\/\"},{\"@type\":\"ListItem\",\"position\":3,\"name\":\"Nybyggda villor i medelhavsstil till salu i Torre-Pacheco, Murcia\"}]},{\"@type\":\"WebSite\",\"@id\":\"https:\\\/\\\/labellavitarealestate.com\\\/sv\\\/#website\",\"url\":\"https:\\\/\\\/labellavitarealestate.com\\\/sv\\\/\",\"name\":\"LA BELLA VITA Real Estate in Costa Blanca, Spain\",\"description\":\"Properties for sale in Costa Blanca\",\"publisher\":{\"@id\":\"https:\\\/\\\/labellavitarealestate.com\\\/sv\\\/#organization\"},\"alternateName\":\"LA BELLA VITA Real Estate\",\"potentialAction\":[{\"@type\":\"SearchAction\",\"target\":{\"@type\":\"EntryPoint\",\"urlTemplate\":\"https:\\\/\\\/labellavitarealestate.com\\\/sv\\\/?s={search_term_string}\"},\"query-input\":{\"@type\":\"PropertyValueSpecification\",\"valueRequired\":true,\"valueName\":\"search_term_string\"}}],\"inLanguage\":\"sv-SE\"},{\"@type\":\"Organization\",\"@id\":\"https:\\\/\\\/labellavitarealestate.com\\\/sv\\\/#organization\",\"name\":\"LA BELLA VITA Real Estate in Costa Blanca\",\"alternateName\":\"LA BELLA VITA\",\"url\":\"https:\\\/\\\/labellavitarealestate.com\\\/sv\\\/\",\"logo\":{\"@type\":\"ImageObject\",\"inLanguage\":\"sv-SE\",\"@id\":\"https:\\\/\\\/labellavitarealestate.com\\\/sv\\\/#\\\/schema\\\/logo\\\/image\\\/\",\"url\":\"https:\\\/\\\/labellavitarealestate.com\\\/wp-content\\\/uploads\\\/2021\\\/12\\\/la-bella-vita-logotype-gold.svg\",\"contentUrl\":\"https:\\\/\\\/labellavitarealestate.com\\\/wp-content\\\/uploads\\\/2021\\\/12\\\/la-bella-vita-logotype-gold.svg\",\"width\":366,\"height\":71,\"caption\":\"LA BELLA VITA Real Estate in Costa Blanca\"},\"image\":{\"@id\":\"https:\\\/\\\/labellavitarealestate.com\\\/sv\\\/#\\\/schema\\\/logo\\\/image\\\/\"},\"sameAs\":[\"https:\\\/\\\/www.facebook.com\\\/labellavitarealestate\",\"https:\\\/\\\/x.com\\\/LBV_Real_Estate\",\"https:\\\/\\\/www.instagram.com\\\/labellavita_real_estate\\\/\",\"https:\\\/\\\/www.linkedin.com\\\/in\\\/labellavitarealestate\\\/\",\"https:\\\/\\\/www.pinterest.es\\\/labellavitarealestate\\\/_saved\\\/\",\"https:\\\/\\\/www.youtube.com\\\/channel\\\/UCP6t8aNDgIarJyJYgFZ4XTA\"]},{\"@type\":\"Person\",\"@id\":\"https:\\\/\\\/labellavitarealestate.com\\\/sv\\\/#\\\/schema\\\/person\\\/681224c7252cd962ee224588e6c07d18\",\"name\":\"Diana Tsybulina\",\"image\":{\"@type\":\"ImageObject\",\"inLanguage\":\"sv-SE\",\"@id\":\"https:\\\/\\\/secure.gravatar.com\\\/avatar\\\/c35f95fb70cbb502f9a829ca76f96959bc5c186600769791cd3cc437921354ea?s=96&d=mm&r=g\",\"url\":\"https:\\\/\\\/secure.gravatar.com\\\/avatar\\\/c35f95fb70cbb502f9a829ca76f96959bc5c186600769791cd3cc437921354ea?s=96&d=mm&r=g\",\"contentUrl\":\"https:\\\/\\\/secure.gravatar.com\\\/avatar\\\/c35f95fb70cbb502f9a829ca76f96959bc5c186600769791cd3cc437921354ea?s=96&d=mm&r=g\",\"caption\":\"Diana Tsybulina\"},\"url\":\"https:\\\/\\\/labellavitarealestate.com\\\/sv\\\/author\\\/diana\\\/\"}]}<\/script>\n<!-- \/ Yoast SEO plugin. -->","yoast_head_json":{"title":"\u27a1\ufe0f Nybyggda villor i medelhavsstil i Torre-Pacheco, Murcia \u2705","description":"Ref. N8518 | \u20ac324900 Nybyggda villor i medelhavsstil till salu i Torre-Pacheco, Murcia | 90 m\u00b2 | 198 m\u00b2 plot | 3 bedrooms","robots":{"index":"index","follow":"follow","max-snippet":"max-snippet:-1","max-image-preview":"max-image-preview:large","max-video-preview":"max-video-preview:-1"},"canonical":"https:\/\/labellavitarealestate.com\/sv\/property\/n8518-new-build-mediterranean-villas-for-sale-in-torre-pacheco\/","og_locale":"sv_SE","og_type":"article","og_title":"\u27a1\ufe0f Nybyggda villor i medelhavsstil i Torre-Pacheco, Murcia \u2705","og_description":"Ref. N8518 | \u20ac324900 Nybyggda villor i medelhavsstil till salu i Torre-Pacheco, Murcia | 90 m\u00b2 | 198 m\u00b2 plot | 3 bedrooms","og_url":"https:\/\/labellavitarealestate.com\/sv\/property\/n8518-new-build-mediterranean-villas-for-sale-in-torre-pacheco\/","og_site_name":"LA BELLA VITA Real Estate","article_publisher":"https:\/\/www.facebook.com\/labellavitarealestate","article_modified_time":"2026-09-01T20:39:13+00:00","og_image":[{"width":1920,"height":1052,"url":"https:\/\/labellavitarealestate.com\/wp-content\/uploads\/2026\/02\/Modern-New-Build-Villas-in-Torre-Pacheco-Murcia.jpg","type":"image\/jpeg"}],"twitter_card":"summary_large_image","twitter_site":"@LBV_Real_Estate","twitter_misc":{"Ber\u00e4knad l\u00e4stid":"3 minut"},"schema":{"@context":"https:\/\/schema.org","@graph":[{"@type":["Article","BlogPosting"],"@id":"https:\/\/labellavitarealestate.com\/sv\/property\/n8518-new-build-mediterranean-villas-for-sale-in-torre-pacheco\/#article","isPartOf":{"@id":"https:\/\/labellavitarealestate.com\/sv\/property\/n8518-new-build-mediterranean-villas-for-sale-in-torre-pacheco\/"},"author":{"name":"Diana Tsybulina","@id":"https:\/\/labellavitarealestate.com\/sv\/#\/schema\/person\/681224c7252cd962ee224588e6c07d18"},"headline":"Nybyggda villor i medelhavsstil till salu i Torre-Pacheco, Murcia","datePublished":"2026-02-24T08:14:45+00:00","dateModified":"2026-09-01T20:39:13+00:00","mainEntityOfPage":{"@id":"https:\/\/labellavitarealestate.com\/sv\/property\/n8518-new-build-mediterranean-villas-for-sale-in-torre-pacheco\/"},"wordCount":694,"publisher":{"@id":"https:\/\/labellavitarealestate.com\/sv\/#organization"},"image":{"@id":"https:\/\/labellavitarealestate.com\/sv\/property\/n8518-new-build-mediterranean-villas-for-sale-in-torre-pacheco\/#primaryimage"},"thumbnailUrl":"https:\/\/labellavitarealestate.com\/wp-content\/uploads\/2026\/02\/Modern-New-Build-Villas-in-Torre-Pacheco-Murcia.jpg","inLanguage":"sv-SE"},{"@type":"WebPage","@id":"https:\/\/labellavitarealestate.com\/sv\/property\/n8518-new-build-mediterranean-villas-for-sale-in-torre-pacheco\/","url":"https:\/\/labellavitarealestate.com\/sv\/property\/n8518-new-build-mediterranean-villas-for-sale-in-torre-pacheco\/","name":"\u27a1\ufe0f Nybyggda villor i medelhavsstil i Torre-Pacheco, Murcia \u2705","isPartOf":{"@id":"https:\/\/labellavitarealestate.com\/sv\/#website"},"primaryImageOfPage":{"@id":"https:\/\/labellavitarealestate.com\/sv\/property\/n8518-new-build-mediterranean-villas-for-sale-in-torre-pacheco\/#primaryimage"},"image":{"@id":"https:\/\/labellavitarealestate.com\/sv\/property\/n8518-new-build-mediterranean-villas-for-sale-in-torre-pacheco\/#primaryimage"},"thumbnailUrl":"https:\/\/labellavitarealestate.com\/wp-content\/uploads\/2026\/02\/Modern-New-Build-Villas-in-Torre-Pacheco-Murcia.jpg","datePublished":"2026-02-24T08:14:45+00:00","dateModified":"2026-09-01T20:39:13+00:00","description":"Ref. N8518 | \u20ac324900 Nybyggda villor i medelhavsstil till salu i Torre-Pacheco, Murcia | 90 m\u00b2 | 198 m\u00b2 plot | 3 bedrooms","breadcrumb":{"@id":"https:\/\/labellavitarealestate.com\/sv\/property\/n8518-new-build-mediterranean-villas-for-sale-in-torre-pacheco\/#breadcrumb"},"inLanguage":"sv-SE","potentialAction":[{"@type":"ReadAction","target":["https:\/\/labellavitarealestate.com\/sv\/property\/n8518-new-build-mediterranean-villas-for-sale-in-torre-pacheco\/"]}]},{"@type":"ImageObject","inLanguage":"sv-SE","@id":"https:\/\/labellavitarealestate.com\/sv\/property\/n8518-new-build-mediterranean-villas-for-sale-in-torre-pacheco\/#primaryimage","url":"https:\/\/labellavitarealestate.com\/wp-content\/uploads\/2026\/02\/Modern-New-Build-Villas-in-Torre-Pacheco-Murcia.jpg","contentUrl":"https:\/\/labellavitarealestate.com\/wp-content\/uploads\/2026\/02\/Modern-New-Build-Villas-in-Torre-Pacheco-Murcia.jpg","width":1920,"height":1052,"caption":"Moderna nybyggda villor i Torre-Pacheco"},{"@type":"BreadcrumbList","@id":"https:\/\/labellavitarealestate.com\/sv\/property\/n8518-new-build-mediterranean-villas-for-sale-in-torre-pacheco\/#breadcrumb","itemListElement":[{"@type":"ListItem","position":1,"name":"Hem","item":"https:\/\/labellavitarealestate.com\/sv\/"},{"@type":"ListItem","position":2,"name":"Properties","item":"https:\/\/labellavitarealestate.com\/sv\/property\/"},{"@type":"ListItem","position":3,"name":"Nybyggda villor i medelhavsstil till salu i Torre-Pacheco, Murcia"}]},{"@type":"WebSite","@id":"https:\/\/labellavitarealestate.com\/sv\/#website","url":"https:\/\/labellavitarealestate.com\/sv\/","name":"LA BELLA VITA Real Estate in Costa Blanca, Spain","description":"Properties for sale in Costa Blanca","publisher":{"@id":"https:\/\/labellavitarealestate.com\/sv\/#organization"},"alternateName":"LA BELLA VITA Real Estate","potentialAction":[{"@type":"SearchAction","target":{"@type":"EntryPoint","urlTemplate":"https:\/\/labellavitarealestate.com\/sv\/?s={search_term_string}"},"query-input":{"@type":"PropertyValueSpecification","valueRequired":true,"valueName":"search_term_string"}}],"inLanguage":"sv-SE"},{"@type":"Organization","@id":"https:\/\/labellavitarealestate.com\/sv\/#organization","name":"LA BELLA VITA Real Estate in Costa Blanca","alternateName":"LA BELLA VITA","url":"https:\/\/labellavitarealestate.com\/sv\/","logo":{"@type":"ImageObject","inLanguage":"sv-SE","@id":"https:\/\/labellavitarealestate.com\/sv\/#\/schema\/logo\/image\/","url":"https:\/\/labellavitarealestate.com\/wp-content\/uploads\/2021\/12\/la-bella-vita-logotype-gold.svg","contentUrl":"https:\/\/labellavitarealestate.com\/wp-content\/uploads\/2021\/12\/la-bella-vita-logotype-gold.svg","width":366,"height":71,"caption":"LA BELLA VITA Real Estate in Costa Blanca"},"image":{"@id":"https:\/\/labellavitarealestate.com\/sv\/#\/schema\/logo\/image\/"},"sameAs":["https:\/\/www.facebook.com\/labellavitarealestate","https:\/\/x.com\/LBV_Real_Estate","https:\/\/www.instagram.com\/labellavita_real_estate\/","https:\/\/www.linkedin.com\/in\/labellavitarealestate\/","https:\/\/www.pinterest.es\/labellavitarealestate\/_saved\/","https:\/\/www.youtube.com\/channel\/UCP6t8aNDgIarJyJYgFZ4XTA"]},{"@type":"Person","@id":"https:\/\/labellavitarealestate.com\/sv\/#\/schema\/person\/681224c7252cd962ee224588e6c07d18","name":"Diana Tsybulina","image":{"@type":"ImageObject","inLanguage":"sv-SE","@id":"https:\/\/secure.gravatar.com\/avatar\/c35f95fb70cbb502f9a829ca76f96959bc5c186600769791cd3cc437921354ea?s=96&d=mm&r=g","url":"https:\/\/secure.gravatar.com\/avatar\/c35f95fb70cbb502f9a829ca76f96959bc5c186600769791cd3cc437921354ea?s=96&d=mm&r=g","contentUrl":"https:\/\/secure.gravatar.com\/avatar\/c35f95fb70cbb502f9a829ca76f96959bc5c186600769791cd3cc437921354ea?s=96&d=mm&r=g","caption":"Diana Tsybulina"},"url":"https:\/\/labellavitarealestate.com\/sv\/author\/diana\/"}]}},"_links":{"self":[{"href":"https:\/\/labellavitarealestate.com\/sv\/wp-json\/wp\/v2\/properties\/560637","targetHints":{"allow":["GET"]}}],"collection":[{"href":"https:\/\/labellavitarealestate.com\/sv\/wp-json\/wp\/v2\/properties"}],"about":[{"href":"https:\/\/labellavitarealestate.com\/sv\/wp-json\/wp\/v2\/types\/property"}],"author":[{"embeddable":true,"href":"https:\/\/labellavitarealestate.com\/sv\/wp-json\/wp\/v2\/users\/5"}],"version-history":[{"count":5,"href":"https:\/\/labellavitarealestate.com\/sv\/wp-json\/wp\/v2\/properties\/560637\/revisions"}],"predecessor-version":[{"id":560918,"href":"https:\/\/labellavitarealestate.com\/sv\/wp-json\/wp\/v2\/properties\/560637\/revisions\/560918"}],"wp:featuredmedia":[{"embeddable":true,"href":"https:\/\/labellavitarealestate.com\/sv\/wp-json\/wp\/v2\/media\/220724"}],"wp:attachment":[{"href":"https:\/\/labellavitarealestate.com\/sv\/wp-json\/wp\/v2\/media?parent=560637"}],"wp:term":[{"taxonomy":"property_type","embeddable":true,"href":"https:\/\/labellavitarealestate.com\/sv\/wp-json\/wp\/v2\/property_type?post=560637"},{"taxonomy":"property_status","embeddable":true,"href":"https:\/\/labellavitarealestate.com\/sv\/wp-json\/wp\/v2\/property_status?post=560637"},{"taxonomy":"property_feature","embeddable":true,"href":"https:\/\/labellavitarealestate.com\/sv\/wp-json\/wp\/v2\/property_feature?post=560637"},{"taxonomy":"property_label","embeddable":true,"href":"https:\/\/labellavitarealestate.com\/sv\/wp-json\/wp\/v2\/property_label?post=560637"},{"taxonomy":"property_city","embeddable":true,"href":"https:\/\/labellavitarealestate.com\/sv\/wp-json\/wp\/v2\/property_city?post=560637"},{"taxonomy":"property_area","embeddable":true,"href":"https:\/\/labellavitarealestate.com\/sv\/wp-json\/wp\/v2\/property_area?post=560637"}],"curies":[{"name":"wp","href":"https:\/\/api.w.org\/{rel}","templated":true}]}}